{"id":56639,"date":"2026-03-02T06:11:06","date_gmt":"2026-03-02T05:11:06","guid":{"rendered":"https:\/\/boehme-kunststoff.de\/produkty\/dauerbackfolie-mit-antihaftbeschichtung\/"},"modified":"2026-03-30T08:05:14","modified_gmt":"2026-03-30T06:05:14","slug":"zycie-z-powrotem-folia","status":"publish","type":"page","link":"https:\/\/boehme-kunststoff.de\/pl\/produkty\/zycie-z-powrotem-folia\/","title":{"rendered":"Zycie z powrotem folia"},"content":{"rendered":"<p>[et_pb_section fb_built=&#8221;1&#8243; module_class=&#8221;main_secondary_section padding_top_bottom&#8221; _builder_version=&#8221;4.27.6&#8243; _module_preset=&#8221;default&#8221; locked=&#8221;off&#8221; global_colors_info=&#8221;{}&#8221;][et_pb_row _builder_version=&#8221;4.27.6&#8243; _module_preset=&#8221;default&#8221; background_image=&#8221;https:\/\/boehme-kunststoff.de\/wp-content\/uploads\/2026\/03\/teaser_dauerbackfolie-537319d1.webp&#8221; background_position=&#8221;bottom_center&#8221; custom_padding=&#8221;209px|||||&#8221; global_colors_info=&#8221;{}&#8221;][et_pb_column type=&#8221;4_4&#8243; _builder_version=&#8221;4.27.6&#8243; _module_preset=&#8221;default&#8221; global_colors_info=&#8221;{}&#8221;][\/et_pb_column][\/et_pb_row][\/et_pb_section][et_pb_section fb_built=&#8221;1&#8243; module_class=&#8221;padding_bottom&#8221; _builder_version=&#8221;4.27.6&#8243; _module_preset=&#8221;default&#8221; locked=&#8221;off&#8221; global_colors_info=&#8221;{}&#8221;][et_pb_row column_structure=&#8221;2_3,1_3&#8243; make_equal=&#8221;on&#8221; module_class=&#8221;bg_white&#8221; _builder_version=&#8221;4.27.6&#8243; _module_preset=&#8221;default&#8221; global_colors_info=&#8221;{}&#8221;][et_pb_column type=&#8221;2_3&#8243; module_class=&#8221;mb0&#8243; _builder_version=&#8221;4.27.6&#8243; _module_preset=&#8221;default&#8221; global_colors_info=&#8221;{}&#8221;][et_pb_heading title=&#8221;B\u00f6hme-folia do pieczenia jako trwa\u0142y podk\u0142ad na blachy&#8221; module_class=&#8221;common_htags mb10&#8243; _builder_version=&#8221;4.27.6&#8243; _module_preset=&#8221;default&#8221; global_colors_info=&#8221;{}&#8221;][\/et_pb_heading][et_pb_heading title=&#8221;Z czystego ptfe oraz z tkaniny z w\u0142\u00f3kna szklanego pokrytego ptfe&#8221; module_class=&#8221;common_htags mb10 uppercase&#8221; _builder_version=&#8221;4.27.6&#8243; _module_preset=&#8221;default&#8221; title_level=&#8221;h2&#8243; global_colors_info=&#8221;{}&#8221;][\/et_pb_heading][et_pb_text module_class=&#8221;fonts_20&#8243; _builder_version=&#8221;4.27.6&#8243; _module_preset=&#8221;default&#8221; global_colors_info=&#8221;{}&#8221;]<\/p>\n<p>B\u00f6hme-folia do pieczenia jako trwa\u0142y podk\u0142ad na blachy znajduje coraz wi\u0119cej u\u017cytkownik\u00f3w w gospodarstwie domowym i handlu, korzystaj\u0105cych z folii w zast\u0119pstwie normalnego papieru do pieczenia. Folia jest wielokrotnego u\u017cytku, szybko i \u0142atwo daje si\u0119 czy\u015bci\u0107, po prostu przemy\u0107 i przetrze\u0107 na sucho \u015bciereczk\u0105 bez u\u017cycia ostrych narz\u0119dzi. Folie do pieczenia proponujemy w r\u00f3\u017cnych rozmiarach i grubo\u015bciach.<\/p>\n<p>[\/et_pb_text][\/et_pb_column][et_pb_column type=&#8221;1_3&#8243; _builder_version=&#8221;4.27.6&#8243; _module_preset=&#8221;default&#8221; background_image=&#8221;https:\/\/boehme-kunststoff.de\/wp-content\/uploads\/2026\/03\/dauerbackfolie-content-a6f05e73.webp&#8221; background_size=&#8221;contain&#8221; global_colors_info=&#8221;{}&#8221;][\/et_pb_column][\/et_pb_row][\/et_pb_section][et_pb_section fb_built=&#8221;1&#8243; module_class=&#8221;padding_bottom&#8221; _builder_version=&#8221;4.27.6&#8243; _module_preset=&#8221;default&#8221; locked=&#8221;off&#8221; global_colors_info=&#8221;{}&#8221;][et_pb_row column_structure=&#8221;2_5,3_5&#8243; use_custom_gutter=&#8221;on&#8221; gutter_width=&#8221;1&#8243; make_equal=&#8221;on&#8221; module_class=&#8221;pt0 pb0 verschi_row common_col_spacing_row&#8221; _builder_version=&#8221;4.27.6&#8243; _module_preset=&#8221;default&#8221; global_colors_info=&#8221;{}&#8221;][et_pb_column type=&#8221;2_5&#8243; module_class=&#8221;bg_white&#8221; _builder_version=&#8221;4.27.6&#8243; _module_preset=&#8221;default&#8221; global_colors_info=&#8221;{}&#8221;][et_pb_heading title=&#8221;Dodatkowe w\u0142a\u015bciwo\u015bci:&#8221; module_class=&#8221;common_htags mb10&#8243; _builder_version=&#8221;4.27.6&#8243; _module_preset=&#8221;default&#8221; title_level=&#8221;h2&#8243; hover_enabled=&#8221;0&#8243; global_colors_info=&#8221;{}&#8221; sticky_enabled=&#8221;0&#8243;][\/et_pb_heading][et_pb_code module_class=&#8221;custom_listStyle &#8221; _builder_version=&#8221;4.27.6&#8243; _module_preset=&#8221;default&#8221; hover_enabled=&#8221;0&#8243; global_colors_info=&#8221;{}&#8221; sticky_enabled=&#8221;0&#8243;]<\/p>\n<ul><!-- [et_pb_line_break_holder] -->  <\/p>\n<li>\n<h3>bez zaka\u017cenia bakteriami i ple\u015bni\u0105<\/h3>\n<\/li>\n<p><!-- [et_pb_line_break_holder] -->  <\/p>\n<li>\n<h3>bardzo niski wsp\u00f3\u0142czynnik tarcia<\/h3>\n<\/li>\n<p><!-- [et_pb_line_break_holder] -->  <\/p>\n<li>\n<h3>niska rozszerzalno\u015b\u0107 cieplna<\/h3>\n<\/li>\n<p><!-- [et_pb_line_break_holder] -->  <\/p>\n<li>\n<h3>przenikalno\u015b\u0107 ultrad\u017awi\u0119k\u00f3w, mikrofale<\/h3>\n<\/li>\n<p><!-- [et_pb_line_break_holder] --><\/ul>\n<p>[\/et_pb_code][\/et_pb_column][et_pb_column type=&#8221;3_5&#8243; module_class=&#8221;bg_white&#8221; _builder_version=&#8221;4.27.6&#8243; _module_preset=&#8221;default&#8221; background_enable_image=&#8221;off&#8221; background_position=&#8221;bottom_left&#8221; global_colors_info=&#8221;{}&#8221;][et_pb_heading title=&#8221;W\u0142a\u015bciwo\u015bci&#8221; module_class=&#8221;common_htags mb10&#8243; _builder_version=&#8221;4.27.6&#8243; _module_preset=&#8221;default&#8221; title_level=&#8221;h2&#8243; hover_enabled=&#8221;0&#8243; locked=&#8221;off&#8221; global_colors_info=&#8221;{}&#8221; sticky_enabled=&#8221;0&#8243;][\/et_pb_heading][et_pb_code module_class=&#8221;custom_listStyle &#8221; _builder_version=&#8221;4.27.6&#8243; _module_preset=&#8221;default&#8221; hover_enabled=&#8221;0&#8243; locked=&#8221;off&#8221; global_colors_info=&#8221;{}&#8221; sticky_enabled=&#8221;0&#8243;]<\/p>\n<ul><!-- [et_pb_line_break_holder] -->  <\/p>\n<li>\n<h3>zmywalna<\/h3>\n<\/li>\n<p><!-- [et_pb_line_break_holder] -->  <\/p>\n<li>\n<h3>pasuje na ka\u017cd\u0105 blach\u0119<\/h3>\n<\/li>\n<p><!-- [et_pb_line_break_holder] -->  <\/p>\n<li>\n<h3>pieczenie bez u\u017cycia t\u0142uszczu<\/h3>\n<\/li>\n<p><!-- [et_pb_line_break_holder] -->  <\/p>\n<li>\n<h3>zawsze czyste blachy<\/h3>\n<\/li>\n<p><!-- [et_pb_line_break_holder] -->  <\/p>\n<li>\n<h3>ca\u0142kowicie bezwonna i bez smaku<\/h3>\n<\/li>\n<p><!-- [et_pb_line_break_holder] -->  <\/p>\n<li>\n<h3>mo\u017cna u\u017cywa\u0107 w kuchence mikrofalowej<\/h3>\n<\/li>\n<p><!-- [et_pb_line_break_holder] -->  <\/p>\n<li>\n<h3>bezpieczna dla \u017cywno\u015bci<\/h3>\n<\/li>\n<p><!-- [et_pb_line_break_holder] -->  <\/p>\n<li>\n<h3>temperaturze od -70 \u00b0C do + 260 \u00b0C<\/h3>\n<\/li>\n<p><!-- [et_pb_line_break_holder] --><\/ul>\n<p>[\/et_pb_code][\/et_pb_column][\/et_pb_row][\/et_pb_section][et_pb_section fb_built=&#8221;1&#8243; module_class=&#8221;padding_bottom&#8221; _builder_version=&#8221;4.27.6&#8243; _module_preset=&#8221;default&#8221; locked=&#8221;off&#8221; global_colors_info=&#8221;{}&#8221;][et_pb_row column_structure=&#8221;1_2,1_2&#8243; make_equal=&#8221;on&#8221; module_class=&#8221;bg_white kontaktie_sec_row&#8221; _builder_version=&#8221;4.27.6&#8243; _module_preset=&#8221;default&#8221; global_colors_info=&#8221;{}&#8221;][et_pb_column type=&#8221;1_2&#8243; _builder_version=&#8221;4.27.6&#8243; _module_preset=&#8221;default&#8221; global_colors_info=&#8221;{}&#8221;][et_pb_heading title=&#8221;Skontaktuj si\u0119 z nami!&#8221; module_class=&#8221;common_htags mb10&#8243; _builder_version=&#8221;4.27.6&#8243; _module_preset=&#8221;default&#8221; title_level=&#8221;h3&#8243; global_colors_info=&#8221;{}&#8221;][\/et_pb_heading][et_pb_text module_class=&#8221;fonts_20&#8243; _builder_version=&#8221;4.27.6&#8243; _module_preset=&#8221;default&#8221; global_colors_info=&#8221;{}&#8221;]<\/p>\n<p>Maj\u0105 Pa\u0144stwo dotycz\u0105ce naszych produkt\u00f3w, niestandardowych projekt\u00f3w, zapewnienia jako\u015bci lub chcieliby Pa\u0144stwo uzyska\u0107 porad\u0119?<\/p>\n<p>[\/et_pb_text][et_pb_blurb title=&#8221;Antonina Kawanka&#8221; url=&#8221;\/kontakt\/&#8221; image=&#8221;https:\/\/boehme-kunststoff.de\/wp-content\/uploads\/2026\/03\/oaqdlhgeramm8r42e3-1.png&#8221; icon_placement=&#8221;left&#8221; module_class=&#8221;kontaktie_blurb kontakti_icon&#8221; _builder_version=&#8221;4.27.6&#8243; _module_preset=&#8221;default&#8221; hover_enabled=&#8221;0&#8243; global_colors_info=&#8221;{}&#8221; header_level=&#8221;h3&#8243; sticky_enabled=&#8221;0&#8243;][\/et_pb_blurb][\/et_pb_column][et_pb_column type=&#8221;1_2&#8243; _builder_version=&#8221;4.27.6&#8243; _module_preset=&#8221;default&#8221; global_colors_info=&#8221;{}&#8221;][et_pb_blurb title=&#8221;04151 \/ 88 00 -24&#8243; url=&#8221;tel:04151880024&#8243; image=&#8221;https:\/\/boehme-kunststoff.de\/wp-content\/uploads\/2026\/03\/vhyxiyhxr1gmm8qt0bg-1.png&#8221; icon_placement=&#8221;left&#8221; module_class=&#8221;kontaktie_blurb mb20&#8243; _builder_version=&#8221;4.27.6&#8243; _module_preset=&#8221;default&#8221; hover_enabled=&#8221;0&#8243; global_colors_info=&#8221;{}&#8221; header_level=&#8221;h3&#8243; sticky_enabled=&#8221;0&#8243;][\/et_pb_blurb][et_pb_blurb title=&#8221;A.Kawanka@boehme-kunststoff.de&#8221; url=&#8221;mailto:A.Kawanka@boehme-kunststoff.de&#8221; image=&#8221;https:\/\/boehme-kunststoff.de\/wp-content\/uploads\/2026\/03\/Vector.png&#8221; icon_placement=&#8221;left&#8221; module_class=&#8221;kontaktie_blurb &#8221; _builder_version=&#8221;4.27.6&#8243; _module_preset=&#8221;default&#8221; hover_enabled=&#8221;0&#8243; global_colors_info=&#8221;{}&#8221; header_level=&#8221;h3&#8243; sticky_enabled=&#8221;0&#8243;][\/et_pb_blurb][\/et_pb_column][\/et_pb_row][\/et_pb_section]<\/p>\n","protected":false},"excerpt":{"rendered":"<p>B\u00f6hme-folia do pieczenia jako trwa\u0142y podk\u0142ad na blachy znajduje coraz wi\u0119cej u\u017cytkownik\u00f3w w gospodarstwie domowym i handlu, korzystaj\u0105cych z folii w zast\u0119pstwie normalnego papieru do pieczenia. Folia jest wielokrotnego u\u017cytku, szybko i \u0142atwo daje si\u0119 czy\u015bci\u0107, po prostu przemy\u0107 i przetrze\u0107 na sucho \u015bciereczk\u0105 bez u\u017cycia ostrych narz\u0119dzi. Folie do pieczenia proponujemy w r\u00f3\u017cnych rozmiarach [&hellip;]<\/p>\n","protected":false},"author":3,"featured_media":0,"parent":56418,"menu_order":0,"comment_status":"closed","ping_status":"closed","template":"","meta":{"_et_pb_use_builder":"on","_et_pb_old_content":"","_et_gb_content_width":"","footnotes":""},"class_list":["post-56639","page","type-page","status-publish","hentry"],"yoast_head":"<!-- This site is optimized with the Yoast SEO plugin v27.4 - https:\/\/yoast.com\/product\/yoast-seo-wordpress\/ -->\n<title>Zycie z powrotem folia - B\u00f6hme Kunststofftechnik<\/title>\n<meta name=\"description\" content=\"B\u00d6HME-FOLIA DO PIECZENIA JAKO TRWA\u0141Y PODK\u0141AD NA BLACHY\" \/>\n<meta name=\"robots\" content=\"index, follow, max-snippet:-1, max-image-preview:large, max-video-preview:-1\" \/>\n<link rel=\"canonical\" href=\"https:\/\/boehme-kunststoff.de\/pl\/produkty\/zycie-z-powrotem-folia\/\" \/>\n<meta property=\"og:locale\" content=\"pl_PL\" \/>\n<meta property=\"og:type\" content=\"article\" \/>\n<meta property=\"og:title\" content=\"Zycie z powrotem folia - B\u00f6hme Kunststofftechnik\" \/>\n<meta property=\"og:description\" content=\"B\u00d6HME-FOLIA DO PIECZENIA JAKO TRWA\u0141Y PODK\u0141AD NA BLACHY\" \/>\n<meta property=\"og:url\" content=\"https:\/\/boehme-kunststoff.de\/pl\/produkty\/zycie-z-powrotem-folia\/\" \/>\n<meta property=\"og:site_name\" content=\"Transportb\u00e4nder vom Hersteller\" \/>\n<meta property=\"article:modified_time\" content=\"2026-03-30T06:05:14+00:00\" \/>\n<meta name=\"twitter:card\" content=\"summary_large_image\" \/>\n<meta name=\"twitter:label1\" content=\"Szacowany czas czytania\" \/>\n\t<meta name=\"twitter:data1\" content=\"2 minuty\" \/>\n<script type=\"application\/ld+json\" class=\"yoast-schema-graph\">{\"@context\":\"https:\\\/\\\/schema.org\",\"@graph\":[{\"@type\":\"WebPage\",\"@id\":\"https:\\\/\\\/boehme-kunststoff.de\\\/pl\\\/produkty\\\/zycie-z-powrotem-folia\\\/\",\"url\":\"https:\\\/\\\/boehme-kunststoff.de\\\/pl\\\/produkty\\\/zycie-z-powrotem-folia\\\/\",\"name\":\"Zycie z powrotem folia - B\u00f6hme Kunststofftechnik\",\"isPartOf\":{\"@id\":\"https:\\\/\\\/boehme-kunststoff.de\\\/pl\\\/#website\"},\"datePublished\":\"2026-03-02T05:11:06+00:00\",\"dateModified\":\"2026-03-30T06:05:14+00:00\",\"description\":\"B\u00d6HME-FOLIA DO PIECZENIA JAKO TRWA\u0141Y PODK\u0141AD NA BLACHY\",\"breadcrumb\":{\"@id\":\"https:\\\/\\\/boehme-kunststoff.de\\\/pl\\\/produkty\\\/zycie-z-powrotem-folia\\\/#breadcrumb\"},\"inLanguage\":\"pl-PL\",\"potentialAction\":[{\"@type\":\"ReadAction\",\"target\":[\"https:\\\/\\\/boehme-kunststoff.de\\\/pl\\\/produkty\\\/zycie-z-powrotem-folia\\\/\"]}]},{\"@type\":\"BreadcrumbList\",\"@id\":\"https:\\\/\\\/boehme-kunststoff.de\\\/pl\\\/produkty\\\/zycie-z-powrotem-folia\\\/#breadcrumb\",\"itemListElement\":[{\"@type\":\"ListItem\",\"position\":1,\"name\":\"Startseite\",\"item\":\"https:\\\/\\\/boehme-kunststoff.de\\\/pl\\\/\"},{\"@type\":\"ListItem\",\"position\":2,\"name\":\"Produkty\",\"item\":\"https:\\\/\\\/boehme-kunststoff.de\\\/pl\\\/produkty\\\/\"},{\"@type\":\"ListItem\",\"position\":3,\"name\":\"Zycie z powrotem folia\"}]},{\"@type\":\"WebSite\",\"@id\":\"https:\\\/\\\/boehme-kunststoff.de\\\/pl\\\/#website\",\"url\":\"https:\\\/\\\/boehme-kunststoff.de\\\/pl\\\/\",\"name\":\"Transportb\u00e4nder vom Hersteller\",\"description\":\"Transportb\u00e4nder vom Hersteller\",\"potentialAction\":[{\"@type\":\"SearchAction\",\"target\":{\"@type\":\"EntryPoint\",\"urlTemplate\":\"https:\\\/\\\/boehme-kunststoff.de\\\/pl\\\/?s={search_term_string}\"},\"query-input\":{\"@type\":\"PropertyValueSpecification\",\"valueRequired\":true,\"valueName\":\"search_term_string\"}}],\"inLanguage\":\"pl-PL\"}]}<\/script>\n<!-- \/ Yoast SEO plugin. -->","yoast_head_json":{"title":"Zycie z powrotem folia - B\u00f6hme Kunststofftechnik","description":"B\u00d6HME-FOLIA DO PIECZENIA JAKO TRWA\u0141Y PODK\u0141AD NA BLACHY","robots":{"index":"index","follow":"follow","max-snippet":"max-snippet:-1","max-image-preview":"max-image-preview:large","max-video-preview":"max-video-preview:-1"},"canonical":"https:\/\/boehme-kunststoff.de\/pl\/produkty\/zycie-z-powrotem-folia\/","og_locale":"pl_PL","og_type":"article","og_title":"Zycie z powrotem folia - B\u00f6hme Kunststofftechnik","og_description":"B\u00d6HME-FOLIA DO PIECZENIA JAKO TRWA\u0141Y PODK\u0141AD NA BLACHY","og_url":"https:\/\/boehme-kunststoff.de\/pl\/produkty\/zycie-z-powrotem-folia\/","og_site_name":"Transportb\u00e4nder vom Hersteller","article_modified_time":"2026-03-30T06:05:14+00:00","twitter_card":"summary_large_image","twitter_misc":{"Szacowany czas czytania":"2 minuty"},"schema":{"@context":"https:\/\/schema.org","@graph":[{"@type":"WebPage","@id":"https:\/\/boehme-kunststoff.de\/pl\/produkty\/zycie-z-powrotem-folia\/","url":"https:\/\/boehme-kunststoff.de\/pl\/produkty\/zycie-z-powrotem-folia\/","name":"Zycie z powrotem folia - B\u00f6hme Kunststofftechnik","isPartOf":{"@id":"https:\/\/boehme-kunststoff.de\/pl\/#website"},"datePublished":"2026-03-02T05:11:06+00:00","dateModified":"2026-03-30T06:05:14+00:00","description":"B\u00d6HME-FOLIA DO PIECZENIA JAKO TRWA\u0141Y PODK\u0141AD NA BLACHY","breadcrumb":{"@id":"https:\/\/boehme-kunststoff.de\/pl\/produkty\/zycie-z-powrotem-folia\/#breadcrumb"},"inLanguage":"pl-PL","potentialAction":[{"@type":"ReadAction","target":["https:\/\/boehme-kunststoff.de\/pl\/produkty\/zycie-z-powrotem-folia\/"]}]},{"@type":"BreadcrumbList","@id":"https:\/\/boehme-kunststoff.de\/pl\/produkty\/zycie-z-powrotem-folia\/#breadcrumb","itemListElement":[{"@type":"ListItem","position":1,"name":"Startseite","item":"https:\/\/boehme-kunststoff.de\/pl\/"},{"@type":"ListItem","position":2,"name":"Produkty","item":"https:\/\/boehme-kunststoff.de\/pl\/produkty\/"},{"@type":"ListItem","position":3,"name":"Zycie z powrotem folia"}]},{"@type":"WebSite","@id":"https:\/\/boehme-kunststoff.de\/pl\/#website","url":"https:\/\/boehme-kunststoff.de\/pl\/","name":"Transportb\u00e4nder vom Hersteller","description":"Transportb\u00e4nder vom Hersteller","potentialAction":[{"@type":"SearchAction","target":{"@type":"EntryPoint","urlTemplate":"https:\/\/boehme-kunststoff.de\/pl\/?s={search_term_string}"},"query-input":{"@type":"PropertyValueSpecification","valueRequired":true,"valueName":"search_term_string"}}],"inLanguage":"pl-PL"}]}},"_links":{"self":[{"href":"https:\/\/boehme-kunststoff.de\/pl\/wp-json\/wp\/v2\/pages\/56639","targetHints":{"allow":["GET"]}}],"collection":[{"href":"https:\/\/boehme-kunststoff.de\/pl\/wp-json\/wp\/v2\/pages"}],"about":[{"href":"https:\/\/boehme-kunststoff.de\/pl\/wp-json\/wp\/v2\/types\/page"}],"author":[{"embeddable":true,"href":"https:\/\/boehme-kunststoff.de\/pl\/wp-json\/wp\/v2\/users\/3"}],"replies":[{"embeddable":true,"href":"https:\/\/boehme-kunststoff.de\/pl\/wp-json\/wp\/v2\/comments?post=56639"}],"version-history":[{"count":9,"href":"https:\/\/boehme-kunststoff.de\/pl\/wp-json\/wp\/v2\/pages\/56639\/revisions"}],"predecessor-version":[{"id":57603,"href":"https:\/\/boehme-kunststoff.de\/pl\/wp-json\/wp\/v2\/pages\/56639\/revisions\/57603"}],"up":[{"embeddable":true,"href":"https:\/\/boehme-kunststoff.de\/pl\/wp-json\/wp\/v2\/pages\/56418"}],"wp:attachment":[{"href":"https:\/\/boehme-kunststoff.de\/pl\/wp-json\/wp\/v2\/media?parent=56639"}],"curies":[{"name":"wp","href":"https:\/\/api.w.org\/{rel}","templated":true}]}}