{"id":56976,"date":"2019-07-23T21:11:49","date_gmt":"2019-07-23T19:11:49","guid":{"rendered":"https:\/\/boehme-kunststoff.de\/impressum\/"},"modified":"2026-03-27T06:32:07","modified_gmt":"2026-03-27T05:32:07","slug":"odcisk","status":"publish","type":"page","link":"https:\/\/boehme-kunststoff.de\/pl\/odcisk\/","title":{"rendered":"Odcisk"},"content":{"rendered":"<p>[et_pb_section fb_built=&#8221;1&#8243; _builder_version=&#8221;4.27.6&#8243; global_colors_info=&#8221;{}&#8221;][et_pb_row module_class=&#8221;pt0 pb0&#8243; _builder_version=&#8221;4.27.6&#8243; global_colors_info=&#8221;{}&#8221;][et_pb_column type=&#8221;4_4&#8243; _builder_version=&#8221;4.16&#8243; custom_padding=&#8221;|||&#8221; global_colors_info=&#8221;{}&#8221; custom_padding__hover=&#8221;|||&#8221;][et_pb_heading title=&#8221;Impressum        &#8221; module_class=&#8221;main_heading&#8221; _builder_version=&#8221;4.27.6&#8243; _module_preset=&#8221;default&#8221; global_colors_info=&#8221;{}&#8221;][\/et_pb_heading][\/et_pb_column][\/et_pb_row][et_pb_row module_class=&#8221;pt30 pb0&#8243; _builder_version=&#8221;4.27.6&#8243; global_colors_info=&#8221;{}&#8221;][et_pb_column type=&#8221;4_4&#8243; _builder_version=&#8221;4.16&#8243; custom_padding=&#8221;|||&#8221; global_colors_info=&#8221;{}&#8221; custom_padding__hover=&#8221;|||&#8221;][et_pb_text module_class=&#8221;fonts_20 mb20&#8243; _builder_version=&#8221;4.27.6&#8243; _module_preset=&#8221;default&#8221; global_colors_info=&#8221;{}&#8221;]<\/p>\n<p><strong>Inhaltlich verantwortlich: <\/strong>Philippe-Louis B\u00f6hme<\/p>\n<p>[\/et_pb_text][et_pb_text module_class=&#8221;fonts_20 mb20&#8243; _builder_version=&#8221;4.27.6&#8243; _module_preset=&#8221;default&#8221; global_colors_info=&#8221;{}&#8221;]<\/p>\n<p><strong>B\u00f6hme-Kunststofftechnik GmbH &#038; Co. KG<\/strong><br \/>\nAm Hesterkamp 4<br \/>\n21514 B\u00fcchen \/ Deutschland<\/p>\n<p>[\/et_pb_text][et_pb_text module_class=&#8221;fonts_20 mb20&#8243; _builder_version=&#8221;4.27.6&#8243; _module_preset=&#8221;default&#8221; global_colors_info=&#8221;{}&#8221;]<\/p>\n<p><strong>Telefon:<\/strong> +49 (0) 4151- 88 00-0<br \/>\n<strong>Telefax:<\/strong> +49 (0) 4151- 88 00-75<br \/>\n<strong>E-Mail:<\/strong> info@boehme-kunststoff.de<\/p>\n<p>[\/et_pb_text][et_pb_text module_class=&#8221;fonts_20 mb20&#8243; _builder_version=&#8221;4.27.6&#8243; _module_preset=&#8221;default&#8221; global_colors_info=&#8221;{}&#8221;]<\/p>\n<p><strong>Gesch\u00e4ftsf\u00fchrer:<\/strong> Hans-Louis B\u00f6hme, Philippe-Louis B\u00f6hme<\/p>\n<p>[\/et_pb_text][et_pb_text module_class=&#8221;fonts_20 mb20&#8243; _builder_version=&#8221;4.27.6&#8243; _module_preset=&#8221;default&#8221; global_colors_info=&#8221;{}&#8221;]<\/p>\n<p><strong>Sitz:<\/strong> B\u00fcchen<br \/>\nAmtsgericht L\u00fcbeck, HRA 0245<br \/>\nV.A.T.-Ident-No. DE 135 334 302<\/p>\n<p>[\/et_pb_text][et_pb_text module_class=&#8221;fonts_20 mb20&#8243; _builder_version=&#8221;4.27.6&#8243; _module_preset=&#8221;default&#8221; global_colors_info=&#8221;{}&#8221;]<\/p>\n<p>Die B\u00f6hme-Kunststofftechnik GmbH &#038; Co. KG wird vertreten durch die pers\u00f6nlich haftende Gesellschafterin:<\/p>\n<p>[\/et_pb_text][et_pb_text module_class=&#8221;fonts_20 mb20&#8243; _builder_version=&#8221;4.27.6&#8243; _module_preset=&#8221;default&#8221; global_colors_info=&#8221;{}&#8221;]<\/p>\n<p><strong>B\u00f6hme-Kunststofftechnik Verwaltungs GmbH<\/strong><br \/>\nAm Hesterkamp 4<br \/>\n21514 B\u00fcchen \/ Deutschland<\/p>\n<p>[\/et_pb_text][et_pb_text module_class=&#8221;fonts_20 mb20&#8243; _builder_version=&#8221;4.27.6&#8243; _module_preset=&#8221;default&#8221; global_colors_info=&#8221;{}&#8221;]<\/p>\n<p><strong>Telefon:<\/strong> +49 (0) 4151- 88 00-0<br \/>\n<strong>Telefax:<\/strong> +49 (0) 4151- 88 00-75<br \/>\n<strong>E-Mail:<\/strong> info@boehme-kunststoff.de<\/p>\n<p>[\/et_pb_text][et_pb_text module_class=&#8221;fonts_20 mb20&#8243; _builder_version=&#8221;4.27.6&#8243; _module_preset=&#8221;default&#8221; global_colors_info=&#8221;{}&#8221;]<\/p>\n<p><strong>Gesch\u00e4ftsf\u00fchrer:<\/strong> Hans-Louis B\u00f6hme, Philippe-Louis B\u00f6hme<\/p>\n<p>[\/et_pb_text][et_pb_text module_class=&#8221;fonts_20 mb20&#8243; _builder_version=&#8221;4.27.6&#8243; _module_preset=&#8221;default&#8221; global_colors_info=&#8221;{}&#8221;]<\/p>\n<p>Amtsgericht L\u00fcbeck, HRB 0195<br \/>\n<strong>Sitz:<\/strong> B\u00fcchen<\/p>\n<p>[\/et_pb_text][\/et_pb_column][\/et_pb_row][et_pb_row module_class=&#8221;pt20 pb0&#8243; _builder_version=&#8221;4.27.6&#8243; global_colors_info=&#8221;{}&#8221;][et_pb_column type=&#8221;4_4&#8243; _builder_version=&#8221;4.16&#8243; custom_padding=&#8221;|||&#8221; global_colors_info=&#8221;{}&#8221; custom_padding__hover=&#8221;|||&#8221;][et_pb_heading title=&#8221;Streitschlichtung&#8221; module_class=&#8221;common_htags mb20&#8243; _builder_version=&#8221;4.27.6&#8243; _module_preset=&#8221;default&#8221; title_level=&#8221;h3&#8243; global_colors_info=&#8221;{}&#8221;][\/et_pb_heading][et_pb_text module_class=&#8221;fonts_20 mb20&#8243; _builder_version=&#8221;4.27.6&#8243; _module_preset=&#8221;default&#8221; global_colors_info=&#8221;{}&#8221;]<\/p>\n<p>Online-Streitbeilegung gem\u00e4\u00df Art. 14 Abs. 1 ODR-VO:<br \/>\nDie Europ\u00e4ische Kommission stellt eine Plattform zur Online-Streitbeilegung (OS) bereit, die Sie unter <a href=\"\/ec.europa.eu\/consumers\/odr\">http:\/\/ec.europa.eu\/consumers\/odr<\/a> finden.<\/p>\n<p>Wir nehmen nicht an einem Streitbeilegungsverfahren vor einer Verbraucherschlichtungsstelle teil.<\/p>\n<p>[\/et_pb_text][\/et_pb_column][\/et_pb_row][et_pb_row module_class=&#8221;pt20 pb0&#8243; _builder_version=&#8221;4.27.6&#8243; global_colors_info=&#8221;{}&#8221;][et_pb_column type=&#8221;4_4&#8243; _builder_version=&#8221;4.16&#8243; custom_padding=&#8221;|||&#8221; global_colors_info=&#8221;{}&#8221; custom_padding__hover=&#8221;|||&#8221;][et_pb_heading title=&#8221;Urheberrecht&#8221; module_class=&#8221;common_htags mb20&#8243; _builder_version=&#8221;4.27.6&#8243; _module_preset=&#8221;default&#8221; title_level=&#8221;h3&#8243; global_colors_info=&#8221;{}&#8221;][\/et_pb_heading][et_pb_text module_class=&#8221;fonts_20 mb20&#8243; _builder_version=&#8221;4.27.6&#8243; _module_preset=&#8221;default&#8221; global_colors_info=&#8221;{}&#8221;]<\/p>\n<p>Die durch die Seitenbetreiber erstellten Inhalte und Werke auf diesen Seiten unterliegen dem deutschen Urheberrecht. Die Vervielf\u00e4ltigung, Bearbeitung, Verbreitung und jede Art der Verwertung au\u00dferhalb der Grenzen des Urheberrechtes bed\u00fcrfen der schriftlichen Zustimmung des jeweiligen Autors bzw. Erstellers. Downloads und Kopien dieser Seite sind nur f\u00fcr den privaten, nicht kommerziellen Gebrauch gestattet. Soweit die Inhalte auf dieser Seite nicht vom Betreiber erstellt wurden, werden die Urheberrechte Dritter beachtet. Insbesondere werden Inhalte Dritter als solche gekennzeichnet. Sollten Sie trotzdem auf eine Urheberrechtsverletzung aufmerksam werden, bitten wir um einen entsprechenden Hinweis. Bei Bekanntwerden von Rechtsverletzungen werden wir derartige Inhalte umgehend entfernen.<\/p>\n<p>[\/et_pb_text][\/et_pb_column][\/et_pb_row][et_pb_row module_class=&#8221;pt20 pb0&#8243; _builder_version=&#8221;4.27.6&#8243; global_colors_info=&#8221;{}&#8221;][et_pb_column type=&#8221;4_4&#8243; _builder_version=&#8221;4.16&#8243; custom_padding=&#8221;|||&#8221; global_colors_info=&#8221;{}&#8221; custom_padding__hover=&#8221;|||&#8221;][et_pb_heading title=&#8221;Gestaltung &#038; Realisierung&#8221; module_class=&#8221;common_htags mb20&#8243; _builder_version=&#8221;4.27.6&#8243; _module_preset=&#8221;default&#8221; title_level=&#8221;h3&#8243; global_colors_info=&#8221;{}&#8221;][\/et_pb_heading][et_pb_text module_class=&#8221;fonts_20 mb20&#8243; _builder_version=&#8221;4.27.6&#8243; _module_preset=&#8221;default&#8221; global_colors_info=&#8221;{}&#8221;]<\/p>\n<p>Berendsohn AG | <a href=\"https:\/\/www.berendsohn.de\/\">www.berendsohn.de<\/a><\/p>\n<p>[\/et_pb_text][\/et_pb_column][\/et_pb_row][\/et_pb_section]<\/p>\n","protected":false},"excerpt":{"rendered":"<p>Inhaltlich verantwortlich: Philippe-Louis B\u00f6hmeB\u00f6hme-Kunststofftechnik GmbH &#038; Co. KG Am Hesterkamp 4 21514 B\u00fcchen \/ DeutschlandTelefon: +49 (0) 4151- 88 00-0 Telefax: +49 (0) 4151- 88 00-75 E-Mail: info@boehme-kunststoff.deGesch\u00e4ftsf\u00fchrer: Hans-Louis B\u00f6hme, Philippe-Louis B\u00f6hmeSitz: B\u00fcchen Amtsgericht L\u00fcbeck, HRA 0245 V.A.T.-Ident-No. DE 135 334 302Die B\u00f6hme-Kunststofftechnik GmbH &#038; Co. KG wird vertreten durch die pers\u00f6nlich haftende Gesellschafterin:B\u00f6hme-Kunststofftechnik Verwaltungs [&hellip;]<\/p>\n","protected":false},"author":3,"featured_media":0,"parent":0,"menu_order":0,"comment_status":"closed","ping_status":"closed","template":"","meta":{"_et_pb_use_builder":"on","_et_pb_old_content":"","_et_gb_content_width":"","footnotes":""},"class_list":["post-56976","page","type-page","status-publish","hentry"],"yoast_head":"<!-- This site is optimized with the Yoast SEO plugin v27.4 - https:\/\/yoast.com\/product\/yoast-seo-wordpress\/ -->\n<title>B\u00f6hme-Kunststofftechnik GmbH &amp; Co.KG B\u00fcchen | Odcisk<\/title>\n<meta name=\"description\" content=\"Hier finden Sie alle Datenschutz-relevanten Informationen zum Betrieb dieser Webseite.\" \/>\n<meta name=\"robots\" content=\"index, follow, max-snippet:-1, max-image-preview:large, max-video-preview:-1\" \/>\n<link rel=\"canonical\" href=\"https:\/\/boehme-kunststoff.de\/pl\/odcisk\/\" \/>\n<meta property=\"og:locale\" content=\"pl_PL\" \/>\n<meta property=\"og:type\" content=\"article\" \/>\n<meta property=\"og:title\" content=\"B\u00f6hme-Kunststofftechnik GmbH &amp; Co.KG B\u00fcchen | Odcisk\" \/>\n<meta property=\"og:description\" content=\"Hier finden Sie alle Datenschutz-relevanten Informationen zum Betrieb dieser Webseite.\" \/>\n<meta property=\"og:url\" content=\"https:\/\/boehme-kunststoff.de\/pl\/odcisk\/\" \/>\n<meta property=\"og:site_name\" content=\"Transportb\u00e4nder vom Hersteller\" \/>\n<meta property=\"article:modified_time\" content=\"2026-03-27T05:32:07+00:00\" \/>\n<meta name=\"twitter:card\" content=\"summary_large_image\" \/>\n<meta name=\"twitter:label1\" content=\"Szacowany czas czytania\" \/>\n\t<meta name=\"twitter:data1\" content=\"2 minuty\" \/>\n<script type=\"application\/ld+json\" class=\"yoast-schema-graph\">{\"@context\":\"https:\\\/\\\/schema.org\",\"@graph\":[{\"@type\":\"WebPage\",\"@id\":\"https:\\\/\\\/boehme-kunststoff.de\\\/pl\\\/odcisk\\\/\",\"url\":\"https:\\\/\\\/boehme-kunststoff.de\\\/pl\\\/odcisk\\\/\",\"name\":\"B\u00f6hme-Kunststofftechnik GmbH &amp; Co.KG B\u00fcchen | Odcisk\",\"isPartOf\":{\"@id\":\"https:\\\/\\\/boehme-kunststoff.de\\\/pl\\\/#website\"},\"datePublished\":\"2019-07-23T19:11:49+00:00\",\"dateModified\":\"2026-03-27T05:32:07+00:00\",\"description\":\"Hier finden Sie alle Datenschutz-relevanten Informationen zum Betrieb dieser Webseite.\",\"breadcrumb\":{\"@id\":\"https:\\\/\\\/boehme-kunststoff.de\\\/pl\\\/odcisk\\\/#breadcrumb\"},\"inLanguage\":\"pl-PL\",\"potentialAction\":[{\"@type\":\"ReadAction\",\"target\":[\"https:\\\/\\\/boehme-kunststoff.de\\\/pl\\\/odcisk\\\/\"]}]},{\"@type\":\"BreadcrumbList\",\"@id\":\"https:\\\/\\\/boehme-kunststoff.de\\\/pl\\\/odcisk\\\/#breadcrumb\",\"itemListElement\":[{\"@type\":\"ListItem\",\"position\":1,\"name\":\"Startseite\",\"item\":\"https:\\\/\\\/boehme-kunststoff.de\\\/pl\\\/\"},{\"@type\":\"ListItem\",\"position\":2,\"name\":\"Odcisk\"}]},{\"@type\":\"WebSite\",\"@id\":\"https:\\\/\\\/boehme-kunststoff.de\\\/pl\\\/#website\",\"url\":\"https:\\\/\\\/boehme-kunststoff.de\\\/pl\\\/\",\"name\":\"Transportb\u00e4nder vom Hersteller\",\"description\":\"Transportb\u00e4nder vom Hersteller\",\"potentialAction\":[{\"@type\":\"SearchAction\",\"target\":{\"@type\":\"EntryPoint\",\"urlTemplate\":\"https:\\\/\\\/boehme-kunststoff.de\\\/pl\\\/?s={search_term_string}\"},\"query-input\":{\"@type\":\"PropertyValueSpecification\",\"valueRequired\":true,\"valueName\":\"search_term_string\"}}],\"inLanguage\":\"pl-PL\"}]}<\/script>\n<!-- \/ Yoast SEO plugin. -->","yoast_head_json":{"title":"B\u00f6hme-Kunststofftechnik GmbH &amp; Co.KG B\u00fcchen | Odcisk","description":"Hier finden Sie alle Datenschutz-relevanten Informationen zum Betrieb dieser Webseite.","robots":{"index":"index","follow":"follow","max-snippet":"max-snippet:-1","max-image-preview":"max-image-preview:large","max-video-preview":"max-video-preview:-1"},"canonical":"https:\/\/boehme-kunststoff.de\/pl\/odcisk\/","og_locale":"pl_PL","og_type":"article","og_title":"B\u00f6hme-Kunststofftechnik GmbH &amp; Co.KG B\u00fcchen | Odcisk","og_description":"Hier finden Sie alle Datenschutz-relevanten Informationen zum Betrieb dieser Webseite.","og_url":"https:\/\/boehme-kunststoff.de\/pl\/odcisk\/","og_site_name":"Transportb\u00e4nder vom Hersteller","article_modified_time":"2026-03-27T05:32:07+00:00","twitter_card":"summary_large_image","twitter_misc":{"Szacowany czas czytania":"2 minuty"},"schema":{"@context":"https:\/\/schema.org","@graph":[{"@type":"WebPage","@id":"https:\/\/boehme-kunststoff.de\/pl\/odcisk\/","url":"https:\/\/boehme-kunststoff.de\/pl\/odcisk\/","name":"B\u00f6hme-Kunststofftechnik GmbH &amp; Co.KG B\u00fcchen | Odcisk","isPartOf":{"@id":"https:\/\/boehme-kunststoff.de\/pl\/#website"},"datePublished":"2019-07-23T19:11:49+00:00","dateModified":"2026-03-27T05:32:07+00:00","description":"Hier finden Sie alle Datenschutz-relevanten Informationen zum Betrieb dieser Webseite.","breadcrumb":{"@id":"https:\/\/boehme-kunststoff.de\/pl\/odcisk\/#breadcrumb"},"inLanguage":"pl-PL","potentialAction":[{"@type":"ReadAction","target":["https:\/\/boehme-kunststoff.de\/pl\/odcisk\/"]}]},{"@type":"BreadcrumbList","@id":"https:\/\/boehme-kunststoff.de\/pl\/odcisk\/#breadcrumb","itemListElement":[{"@type":"ListItem","position":1,"name":"Startseite","item":"https:\/\/boehme-kunststoff.de\/pl\/"},{"@type":"ListItem","position":2,"name":"Odcisk"}]},{"@type":"WebSite","@id":"https:\/\/boehme-kunststoff.de\/pl\/#website","url":"https:\/\/boehme-kunststoff.de\/pl\/","name":"Transportb\u00e4nder vom Hersteller","description":"Transportb\u00e4nder vom Hersteller","potentialAction":[{"@type":"SearchAction","target":{"@type":"EntryPoint","urlTemplate":"https:\/\/boehme-kunststoff.de\/pl\/?s={search_term_string}"},"query-input":{"@type":"PropertyValueSpecification","valueRequired":true,"valueName":"search_term_string"}}],"inLanguage":"pl-PL"}]}},"_links":{"self":[{"href":"https:\/\/boehme-kunststoff.de\/pl\/wp-json\/wp\/v2\/pages\/56976","targetHints":{"allow":["GET"]}}],"collection":[{"href":"https:\/\/boehme-kunststoff.de\/pl\/wp-json\/wp\/v2\/pages"}],"about":[{"href":"https:\/\/boehme-kunststoff.de\/pl\/wp-json\/wp\/v2\/types\/page"}],"author":[{"embeddable":true,"href":"https:\/\/boehme-kunststoff.de\/pl\/wp-json\/wp\/v2\/users\/3"}],"replies":[{"embeddable":true,"href":"https:\/\/boehme-kunststoff.de\/pl\/wp-json\/wp\/v2\/comments?post=56976"}],"version-history":[{"count":2,"href":"https:\/\/boehme-kunststoff.de\/pl\/wp-json\/wp\/v2\/pages\/56976\/revisions"}],"predecessor-version":[{"id":56986,"href":"https:\/\/boehme-kunststoff.de\/pl\/wp-json\/wp\/v2\/pages\/56976\/revisions\/56986"}],"wp:attachment":[{"href":"https:\/\/boehme-kunststoff.de\/pl\/wp-json\/wp\/v2\/media?parent=56976"}],"curies":[{"name":"wp","href":"https:\/\/api.w.org\/{rel}","templated":true}]}}